{"version":"1.0","provider_name":"Flashmode Magazine | Magazine de mode et style de vie Num\u00e9ro un en Tunisie et au Maghreb","provider_url":"https:\/\/flashmode.tn\/magazine","author_name":"PeopleLife","author_url":"https:\/\/flashmode.tn\/magazine\/author\/peoplelife\/","title":"Quels sont les effets ind\u00e9sirables de la banane ? - Flashmode Magazine | Magazine de mode et style de vie Num\u00e9ro un en Tunisie et au Maghreb","type":"rich","width":600,"height":338,"html":"<blockquote class=\"wp-embedded-content\" data-secret=\"Qb3EeZvRWl\"><a href=\"https:\/\/flashmode.tn\/magazine\/quels-sont-les-effets-indesirables-de-la-banane\/\">Quels sont les effets ind\u00e9sirables de la banane ?<\/a><\/blockquote><iframe sandbox=\"allow-scripts\" security=\"restricted\" src=\"https:\/\/flashmode.tn\/magazine\/quels-sont-les-effets-indesirables-de-la-banane\/embed\/#?secret=Qb3EeZvRWl\" width=\"600\" height=\"338\" title=\"\u00ab\u00a0Quels sont les effets ind\u00e9sirables de la banane ?\u00a0\u00bb &#8212; Flashmode Magazine | Magazine de mode et style de vie Num\u00e9ro un en Tunisie et au Maghreb\" data-secret=\"Qb3EeZvRWl\" frameborder=\"0\" marginwidth=\"0\" marginheight=\"0\" scrolling=\"no\" class=\"wp-embedded-content\"><\/iframe><script type=\"text\/javascript\">\n\/* <![CDATA[ *\/\n\/*! This file is auto-generated *\/\n!function(d,l){\"use strict\";l.querySelector&&d.addEventListener&&\"undefined\"!=typeof URL&&(d.wp=d.wp||{},d.wp.receiveEmbedMessage||(d.wp.receiveEmbedMessage=function(e){var t=e.data;if((t||t.secret||t.message||t.value)&&!\/[^a-zA-Z0-9]\/.test(t.secret)){for(var s,r,n,a=l.querySelectorAll('iframe[data-secret=\"'+t.secret+'\"]'),o=l.querySelectorAll('blockquote[data-secret=\"'+t.secret+'\"]'),c=new RegExp(\"^https?:$\",\"i\"),i=0;i<o.length;i++)o[i].style.display=\"none\";for(i=0;i<a.length;i++)s=a[i],e.source===s.contentWindow&&(s.removeAttribute(\"style\"),\"height\"===t.message?(1e3<(r=parseInt(t.value,10))?r=1e3:~~r<200&&(r=200),s.height=r):\"link\"===t.message&&(r=new URL(s.getAttribute(\"src\")),n=new URL(t.value),c.test(n.protocol))&&n.host===r.host&&l.activeElement===s&&(d.top.location.href=t.value))}},d.addEventListener(\"message\",d.wp.receiveEmbedMessage,!1),l.addEventListener(\"DOMContentLoaded\",function(){for(var e,t,s=l.querySelectorAll(\"iframe.wp-embedded-content\"),r=0;r<s.length;r++)(t=(e=s[r]).getAttribute(\"data-secret\"))||(t=Math.random().toString(36).substring(2,12),e.src+=\"#?secret=\"+t,e.setAttribute(\"data-secret\",t)),e.contentWindow.postMessage({message:\"ready\",secret:t},\"*\")},!1)))}(window,document);\n\/* ]]> *\/\n<\/script>\n","description":"Les prot\u00e9ines de la banane peut \u00eatre \u00e0 l'origine d'une allergie orale. Ce syndrome touche certaines personnes allergiques aux pollens. La personne allergique pr\u00e9sente des d\u00e9mangeaisons et des sensations de br\u00fblure \u00e0 la bouche, aux l\u00e8vres et \u00e0 la gorge apr\u00e8s avoir consomm\u00e9 ou touch\u00e9 l'aliment incrimin\u00e9."}