{"version":"1.0","provider_name":"Flashmode Magazine | Magazine de mode et style de vie Num\u00e9ro un en Tunisie et au Maghreb","provider_url":"https:\/\/flashmode.tn\/magazine","author_name":"PeopleLife","author_url":"https:\/\/flashmode.tn\/magazine\/author\/peoplelife\/","title":"Qui a \u00e9t\u00e9 l'amant de Fran\u00e7oise Hardy ? - Flashmode Magazine | Magazine de mode et style de vie Num\u00e9ro un en Tunisie et au Maghreb","type":"rich","width":600,"height":338,"html":"<blockquote class=\"wp-embedded-content\" data-secret=\"a9tMa0iO7u\"><a href=\"https:\/\/flashmode.tn\/magazine\/qui-a-ete-lamant-de-francoise-hardy\/\">Qui a \u00e9t\u00e9 l&rsquo;amant de Fran\u00e7oise Hardy ?<\/a><\/blockquote><iframe sandbox=\"allow-scripts\" security=\"restricted\" src=\"https:\/\/flashmode.tn\/magazine\/qui-a-ete-lamant-de-francoise-hardy\/embed\/#?secret=a9tMa0iO7u\" width=\"600\" height=\"338\" title=\"\u00ab\u00a0Qui a \u00e9t\u00e9 l&rsquo;amant de Fran\u00e7oise Hardy ?\u00a0\u00bb &#8212; Flashmode Magazine | Magazine de mode et style de vie Num\u00e9ro un en Tunisie et au Maghreb\" data-secret=\"a9tMa0iO7u\" frameborder=\"0\" marginwidth=\"0\" marginheight=\"0\" scrolling=\"no\" class=\"wp-embedded-content\"><\/iframe><script type=\"text\/javascript\">\n\/* <![CDATA[ *\/\n\/*! This file is auto-generated *\/\n!function(d,l){\"use strict\";l.querySelector&&d.addEventListener&&\"undefined\"!=typeof URL&&(d.wp=d.wp||{},d.wp.receiveEmbedMessage||(d.wp.receiveEmbedMessage=function(e){var t=e.data;if((t||t.secret||t.message||t.value)&&!\/[^a-zA-Z0-9]\/.test(t.secret)){for(var s,r,n,a=l.querySelectorAll('iframe[data-secret=\"'+t.secret+'\"]'),o=l.querySelectorAll('blockquote[data-secret=\"'+t.secret+'\"]'),c=new RegExp(\"^https?:$\",\"i\"),i=0;i<o.length;i++)o[i].style.display=\"none\";for(i=0;i<a.length;i++)s=a[i],e.source===s.contentWindow&&(s.removeAttribute(\"style\"),\"height\"===t.message?(1e3<(r=parseInt(t.value,10))?r=1e3:~~r<200&&(r=200),s.height=r):\"link\"===t.message&&(r=new URL(s.getAttribute(\"src\")),n=new URL(t.value),c.test(n.protocol))&&n.host===r.host&&l.activeElement===s&&(d.top.location.href=t.value))}},d.addEventListener(\"message\",d.wp.receiveEmbedMessage,!1),l.addEventListener(\"DOMContentLoaded\",function(){for(var e,t,s=l.querySelectorAll(\"iframe.wp-embedded-content\"),r=0;r<s.length;r++)(t=(e=s[r]).getAttribute(\"data-secret\"))||(t=Math.random().toString(36).substring(2,12),e.src+=\"#?secret=\"+t,e.setAttribute(\"data-secret\",t)),e.contentWindow.postMessage({message:\"ready\",secret:t},\"*\")},!1)))}(window,document);\n\/* ]]> *\/\n<\/script>\n","description":"On les surnomme Les Ins\u00e9parables. Couple embl\u00e9matique des ann\u00e9es 1960, Fran\u00e7oise Hardy et Jacques Dutronc ont longtemps fascin\u00e9 le public fran\u00e7ais par leur idylle tortur\u00e9e fa\u00e7on \u00ab Je t'aime, moi non plus \u00bb."}