{"id":27460,"date":"2021-08-02T05:21:06","date_gmt":"2021-08-02T03:21:06","guid":{"rendered":"https:\/\/flashmode.tn\/magazine\/wp-content\/uploads\/2021\/08\/Quelle-heure-va-garder-la-France-en-2021.jpg"},"modified":"2021-08-02T05:21:09","modified_gmt":"2021-08-02T03:21:09","slug":"france-v-ireland-guinness-six-nations-rugby-championship","status":"inherit","type":"attachment","link":"https:\/\/flashmode.tn\/magazine\/france-v-ireland-guinness-six-nations-rugby-championship\/","title":{"rendered":"Quelle heure va garder la France en 2021 ?"},"author":2,"featured_media":0,"comment_status":"open","ping_status":"closed","template":"","meta":{"tdm_status":"","tdm_grid_status":""},"class_list":["post-27460","attachment","type-attachment","status-inherit","hentry"],"yoast_head":"<!-- This site is optimized with the Yoast SEO Premium plugin v25.0 (Yoast SEO v25.0) - https:\/\/yoast.com\/wordpress\/plugins\/seo\/ -->\n<title>Quelle heure va garder la France en 2021 ? - Flashmode Magazine | Magazine de mode et style de vie Num\u00e9ro un en Tunisie et au Maghreb<\/title>\n<meta name=\"robots\" content=\"index, follow, max-snippet:-1, max-image-preview:large, max-video-preview:-1\" \/>\n<link rel=\"canonical\" href=\"https:\/\/flashmode.tn\/magazine\/wp-content\/uploads\/2021\/08\/Quelle-heure-va-garder-la-France-en-2021.jpg\" \/>\n<meta property=\"og:locale\" content=\"fr_FR\" \/>\n<meta property=\"og:type\" content=\"article\" \/>\n<meta property=\"og:title\" content=\"Quelle heure va garder la France en 2021 ? - Flashmode Magazine | Magazine de mode et style de vie Num\u00e9ro un en Tunisie et au Maghreb\" \/>\n<meta property=\"og:description\" content=\"Quelle heure va garder la France en 2021 ?\" \/>\n<meta property=\"og:url\" content=\"https:\/\/flashmode.tn\/magazine\/wp-content\/uploads\/2021\/08\/Quelle-heure-va-garder-la-France-en-2021.jpg\" \/>\n<meta property=\"og:site_name\" content=\"Flashmode Magazine | Magazine de mode et style de vie Num\u00e9ro un en Tunisie et au Maghreb\" \/>\n<meta property=\"article:publisher\" content=\"https:\/\/www.facebook.com\/flashmode.magazine\/\" \/>\n<meta property=\"article:modified_time\" content=\"2021-08-02T03:21:09+00:00\" \/>\n<meta property=\"og:image\" content=\"https:\/\/i0.wp.com\/flashmode.tn\/magazine\/wp-content\/uploads\/2021\/08\/Quelle-heure-va-garder-la-France-en-2021.jpg?fit=1200%2C800&ssl=1\" \/>\n\t<meta property=\"og:image:width\" content=\"1200\" \/>\n\t<meta property=\"og:image:height\" content=\"800\" \/>\n\t<meta property=\"og:image:type\" content=\"image\/jpeg\" \/>\n<meta name=\"twitter:card\" content=\"summary_large_image\" \/>\n<meta name=\"twitter:site\" content=\"@agenceflashmode\" \/>\n<script type=\"application\/ld+json\" class=\"yoast-schema-graph\">{\"@context\":\"https:\/\/schema.org\",\"@graph\":[{\"@type\":\"WebPage\",\"@id\":\"https:\/\/flashmode.tn\/magazine\/wp-content\/uploads\/2021\/08\/Quelle-heure-va-garder-la-France-en-2021.jpg\",\"url\":\"https:\/\/flashmode.tn\/magazine\/wp-content\/uploads\/2021\/08\/Quelle-heure-va-garder-la-France-en-2021.jpg\",\"name\":\"Quelle heure va garder la France en 2021 ? - Flashmode Magazine | Magazine de mode et style de vie Num\u00e9ro un en Tunisie et au Maghreb\",\"isPartOf\":{\"@id\":\"https:\/\/flashmode.tn\/magazine\/#website\"},\"datePublished\":\"2021-08-02T03:21:06+00:00\",\"dateModified\":\"2021-08-02T03:21:09+00:00\",\"breadcrumb\":{\"@id\":\"https:\/\/flashmode.tn\/magazine\/wp-content\/uploads\/2021\/08\/Quelle-heure-va-garder-la-France-en-2021.jpg#breadcrumb\"},\"inLanguage\":\"fr-FR\",\"potentialAction\":[{\"@type\":\"ReadAction\",\"target\":[\"https:\/\/flashmode.tn\/magazine\/wp-content\/uploads\/2021\/08\/Quelle-heure-va-garder-la-France-en-2021.jpg\"]}]},{\"@type\":\"BreadcrumbList\",\"@id\":\"https:\/\/flashmode.tn\/magazine\/wp-content\/uploads\/2021\/08\/Quelle-heure-va-garder-la-France-en-2021.jpg#breadcrumb\",\"itemListElement\":[{\"@type\":\"ListItem\",\"position\":1,\"name\":\"Accueil\",\"item\":\"https:\/\/flashmode.tn\/magazine\/\"},{\"@type\":\"ListItem\",\"position\":2,\"name\":\"Quelle heure va garder la France en 2021 ?\"}]},{\"@type\":\"WebSite\",\"@id\":\"https:\/\/flashmode.tn\/magazine\/#website\",\"url\":\"https:\/\/flashmode.tn\/magazine\/\",\"name\":\"Flashmode Magazine | Magazine de mode et style de vie Num\u00e9ro un en Tunisie et au Maghreb\",\"description\":\"Magazine de mode et style de vie Num\u00e9ro un en Tunisie et au Maghreb, cr\u00e9\u00e9 pour les hommes et les femmes : conseils beaut\u00e9, mode femme, mode homme, recettes de cuisine, c\u00e9l\u00e9brit\u00e9s et people, mannequins et top modeles\",\"potentialAction\":[{\"@type\":\"SearchAction\",\"target\":{\"@type\":\"EntryPoint\",\"urlTemplate\":\"https:\/\/flashmode.tn\/magazine\/?s={search_term_string}\"},\"query-input\":{\"@type\":\"PropertyValueSpecification\",\"valueRequired\":true,\"valueName\":\"search_term_string\"}}],\"inLanguage\":\"fr-FR\"}]}<\/script>\n<!-- \/ Yoast SEO Premium plugin. -->","yoast_head_json":{"title":"Quelle heure va garder la France en 2021 ? - Flashmode Magazine | Magazine de mode et style de vie Num\u00e9ro un en Tunisie et au Maghreb","robots":{"index":"index","follow":"follow","max-snippet":"max-snippet:-1","max-image-preview":"max-image-preview:large","max-video-preview":"max-video-preview:-1"},"canonical":"https:\/\/flashmode.tn\/magazine\/wp-content\/uploads\/2021\/08\/Quelle-heure-va-garder-la-France-en-2021.jpg","og_locale":"fr_FR","og_type":"article","og_title":"Quelle heure va garder la France en 2021 ? - Flashmode Magazine | Magazine de mode et style de vie Num\u00e9ro un en Tunisie et au Maghreb","og_description":"Quelle heure va garder la France en 2021 ?","og_url":"https:\/\/flashmode.tn\/magazine\/wp-content\/uploads\/2021\/08\/Quelle-heure-va-garder-la-France-en-2021.jpg","og_site_name":"Flashmode Magazine | Magazine de mode et style de vie Num\u00e9ro un en Tunisie et au Maghreb","article_publisher":"https:\/\/www.facebook.com\/flashmode.magazine\/","article_modified_time":"2021-08-02T03:21:09+00:00","og_image":[{"width":1200,"height":800,"url":"https:\/\/i0.wp.com\/flashmode.tn\/magazine\/wp-content\/uploads\/2021\/08\/Quelle-heure-va-garder-la-France-en-2021.jpg?fit=1200%2C800&ssl=1","type":"image\/jpeg"}],"twitter_card":"summary_large_image","twitter_site":"@agenceflashmode","schema":{"@context":"https:\/\/schema.org","@graph":[{"@type":"WebPage","@id":"https:\/\/flashmode.tn\/magazine\/wp-content\/uploads\/2021\/08\/Quelle-heure-va-garder-la-France-en-2021.jpg","url":"https:\/\/flashmode.tn\/magazine\/wp-content\/uploads\/2021\/08\/Quelle-heure-va-garder-la-France-en-2021.jpg","name":"Quelle heure va garder la France en 2021 ? - Flashmode Magazine | Magazine de mode et style de vie Num\u00e9ro un en Tunisie et au Maghreb","isPartOf":{"@id":"https:\/\/flashmode.tn\/magazine\/#website"},"datePublished":"2021-08-02T03:21:06+00:00","dateModified":"2021-08-02T03:21:09+00:00","breadcrumb":{"@id":"https:\/\/flashmode.tn\/magazine\/wp-content\/uploads\/2021\/08\/Quelle-heure-va-garder-la-France-en-2021.jpg#breadcrumb"},"inLanguage":"fr-FR","potentialAction":[{"@type":"ReadAction","target":["https:\/\/flashmode.tn\/magazine\/wp-content\/uploads\/2021\/08\/Quelle-heure-va-garder-la-France-en-2021.jpg"]}]},{"@type":"BreadcrumbList","@id":"https:\/\/flashmode.tn\/magazine\/wp-content\/uploads\/2021\/08\/Quelle-heure-va-garder-la-France-en-2021.jpg#breadcrumb","itemListElement":[{"@type":"ListItem","position":1,"name":"Accueil","item":"https:\/\/flashmode.tn\/magazine\/"},{"@type":"ListItem","position":2,"name":"Quelle heure va garder la France en 2021 ?"}]},{"@type":"WebSite","@id":"https:\/\/flashmode.tn\/magazine\/#website","url":"https:\/\/flashmode.tn\/magazine\/","name":"Flashmode Magazine | Magazine de mode et style de vie Num\u00e9ro un en Tunisie et au Maghreb","description":"Magazine de mode et style de vie Num\u00e9ro un en Tunisie et au Maghreb, cr\u00e9\u00e9 pour les hommes et les femmes : conseils beaut\u00e9, mode femme, mode homme, recettes de cuisine, c\u00e9l\u00e9brit\u00e9s et people, mannequins et top modeles","potentialAction":[{"@type":"SearchAction","target":{"@type":"EntryPoint","urlTemplate":"https:\/\/flashmode.tn\/magazine\/?s={search_term_string}"},"query-input":{"@type":"PropertyValueSpecification","valueRequired":true,"valueName":"search_term_string"}}],"inLanguage":"fr-FR"}]}},"jetpack_shortlink":"https:\/\/wp.me\/a8BPGr-78U","jetpack_sharing_enabled":true,"description":{"rendered":"<p class=\"attachment\"><a href=\"https:\/\/i0.wp.com\/flashmode.tn\/magazine\/wp-content\/uploads\/2021\/08\/Quelle-heure-va-garder-la-France-en-2021.jpg?ssl=1\"><img loading=\"lazy\" decoding=\"async\" width=\"300\" height=\"200\" src=\"https:\/\/i0.wp.com\/flashmode.tn\/magazine\/wp-content\/uploads\/2021\/08\/Quelle-heure-va-garder-la-France-en-2021.jpg?fit=300%2C200&amp;ssl=1\" class=\"attachment-medium size-medium\" alt=\"Quelle heure va garder la France en 2021 ?\" srcset=\"https:\/\/i0.wp.com\/flashmode.tn\/magazine\/wp-content\/uploads\/2021\/08\/Quelle-heure-va-garder-la-France-en-2021.jpg?w=1200&amp;ssl=1 1200w, https:\/\/i0.wp.com\/flashmode.tn\/magazine\/wp-content\/uploads\/2021\/08\/Quelle-heure-va-garder-la-France-en-2021.jpg?resize=300%2C200&amp;ssl=1 300w, https:\/\/i0.wp.com\/flashmode.tn\/magazine\/wp-content\/uploads\/2021\/08\/Quelle-heure-va-garder-la-France-en-2021.jpg?resize=1024%2C683&amp;ssl=1 1024w, https:\/\/i0.wp.com\/flashmode.tn\/magazine\/wp-content\/uploads\/2021\/08\/Quelle-heure-va-garder-la-France-en-2021.jpg?resize=768%2C512&amp;ssl=1 768w, https:\/\/i0.wp.com\/flashmode.tn\/magazine\/wp-content\/uploads\/2021\/08\/Quelle-heure-va-garder-la-France-en-2021.jpg?resize=696%2C464&amp;ssl=1 696w, https:\/\/i0.wp.com\/flashmode.tn\/magazine\/wp-content\/uploads\/2021\/08\/Quelle-heure-va-garder-la-France-en-2021.jpg?resize=1068%2C712&amp;ssl=1 1068w, https:\/\/i0.wp.com\/flashmode.tn\/magazine\/wp-content\/uploads\/2021\/08\/Quelle-heure-va-garder-la-France-en-2021.jpg?resize=630%2C420&amp;ssl=1 630w\" sizes=\"auto, (max-width: 300px) 100vw, 300px\" \/><\/a><\/p>\n<p>31 October 2020; Cian Healy of Ireland, with the help of team-mate James Ryan, on the way to scoring his side&rsquo;s first try during the Guinness Six Nations Rugby Championship match between France and Ireland at Stade de France in Paris, France. Photo by Sportsfile <\/p>\n<p>Photo by Icon Sport<\/p>\n"},"caption":{"rendered":"<p>Quelle heure va garder la France en 2021 ?<\/p>\n"},"alt_text":"Quelle heure va garder la France en 2021 ?","media_type":"image","mime_type":"image\/jpeg","media_details":{"width":1200,"height":800,"file":"2021\/08\/Quelle-heure-va-garder-la-France-en-2021.jpg","sizes":{"medium":{"file":"Quelle-heure-va-garder-la-France-en-2021-300x200.jpg","width":300,"height":200,"mime_type":"image\/jpeg","source_url":"https:\/\/i0.wp.com\/flashmode.tn\/magazine\/wp-content\/uploads\/2021\/08\/Quelle-heure-va-garder-la-France-en-2021.jpg?fit=300%2C200&ssl=1"},"large":{"file":"Quelle-heure-va-garder-la-France-en-2021-1024x683.jpg","width":1024,"height":683,"mime_type":"image\/jpeg","source_url":"https:\/\/i0.wp.com\/flashmode.tn\/magazine\/wp-content\/uploads\/2021\/08\/Quelle-heure-va-garder-la-France-en-2021.jpg?fit=696%2C464&ssl=1"},"thumbnail":{"file":"Quelle-heure-va-garder-la-France-en-2021-150x150.jpg","width":150,"height":150,"mime_type":"image\/jpeg","source_url":"https:\/\/i0.wp.com\/flashmode.tn\/magazine\/wp-content\/uploads\/2021\/08\/Quelle-heure-va-garder-la-France-en-2021.jpg?resize=150%2C150&ssl=1"},"medium_large":{"file":"Quelle-heure-va-garder-la-France-en-2021-768x512.jpg","width":768,"height":512,"mime_type":"image\/jpeg","source_url":"https:\/\/i0.wp.com\/flashmode.tn\/magazine\/wp-content\/uploads\/2021\/08\/Quelle-heure-va-garder-la-France-en-2021.jpg?fit=696%2C464&ssl=1"},"td_218x150":{"file":"Quelle-heure-va-garder-la-France-en-2021-218x150.jpg","width":218,"height":150,"mime_type":"image\/jpeg","source_url":"https:\/\/i0.wp.com\/flashmode.tn\/magazine\/wp-content\/uploads\/2021\/08\/Quelle-heure-va-garder-la-France-en-2021.jpg?resize=218%2C150&ssl=1"},"td_324x400":{"file":"Quelle-heure-va-garder-la-France-en-2021-324x400.jpg","width":324,"height":400,"mime_type":"image\/jpeg","source_url":"https:\/\/i0.wp.com\/flashmode.tn\/magazine\/wp-content\/uploads\/2021\/08\/Quelle-heure-va-garder-la-France-en-2021.jpg?resize=324%2C400&ssl=1"},"td_696x0":{"file":"Quelle-heure-va-garder-la-France-en-2021-696x464.jpg","width":696,"height":464,"mime_type":"image\/jpeg","source_url":"https:\/\/i0.wp.com\/flashmode.tn\/magazine\/wp-content\/uploads\/2021\/08\/Quelle-heure-va-garder-la-France-en-2021.jpg?resize=696%2C464&ssl=1"},"td_1068x0":{"file":"Quelle-heure-va-garder-la-France-en-2021-1068x712.jpg","width":1068,"height":712,"mime_type":"image\/jpeg","source_url":"https:\/\/i0.wp.com\/flashmode.tn\/magazine\/wp-content\/uploads\/2021\/08\/Quelle-heure-va-garder-la-France-en-2021.jpg?resize=1068%2C712&ssl=1"},"td_0x420":{"file":"Quelle-heure-va-garder-la-France-en-2021-630x420.jpg","width":630,"height":420,"mime_type":"image\/jpeg","source_url":"https:\/\/i0.wp.com\/flashmode.tn\/magazine\/wp-content\/uploads\/2021\/08\/Quelle-heure-va-garder-la-France-en-2021.jpg?resize=630%2C420&ssl=1"},"td_80x60":{"file":"Quelle-heure-va-garder-la-France-en-2021-80x60.jpg","width":80,"height":60,"mime_type":"image\/jpeg","source_url":"https:\/\/i0.wp.com\/flashmode.tn\/magazine\/wp-content\/uploads\/2021\/08\/Quelle-heure-va-garder-la-France-en-2021.jpg?resize=80%2C60&ssl=1"},"td_100x70":{"file":"Quelle-heure-va-garder-la-France-en-2021-100x70.jpg","width":100,"height":70,"mime_type":"image\/jpeg","source_url":"https:\/\/i0.wp.com\/flashmode.tn\/magazine\/wp-content\/uploads\/2021\/08\/Quelle-heure-va-garder-la-France-en-2021.jpg?resize=100%2C70&ssl=1"},"td_265x198":{"file":"Quelle-heure-va-garder-la-France-en-2021-265x198.jpg","width":265,"height":198,"mime_type":"image\/jpeg","source_url":"https:\/\/i0.wp.com\/flashmode.tn\/magazine\/wp-content\/uploads\/2021\/08\/Quelle-heure-va-garder-la-France-en-2021.jpg?resize=265%2C198&ssl=1"},"td_324x160":{"file":"Quelle-heure-va-garder-la-France-en-2021-324x160.jpg","width":324,"height":160,"mime_type":"image\/jpeg","source_url":"https:\/\/i0.wp.com\/flashmode.tn\/magazine\/wp-content\/uploads\/2021\/08\/Quelle-heure-va-garder-la-France-en-2021.jpg?resize=324%2C160&ssl=1"},"td_324x235":{"file":"Quelle-heure-va-garder-la-France-en-2021-324x235.jpg","width":324,"height":235,"mime_type":"image\/jpeg","source_url":"https:\/\/i0.wp.com\/flashmode.tn\/magazine\/wp-content\/uploads\/2021\/08\/Quelle-heure-va-garder-la-France-en-2021.jpg?resize=324%2C235&ssl=1"},"td_356x220":{"file":"Quelle-heure-va-garder-la-France-en-2021-356x220.jpg","width":356,"height":220,"mime_type":"image\/jpeg","source_url":"https:\/\/i0.wp.com\/flashmode.tn\/magazine\/wp-content\/uploads\/2021\/08\/Quelle-heure-va-garder-la-France-en-2021.jpg?resize=356%2C220&ssl=1"},"td_356x364":{"file":"Quelle-heure-va-garder-la-France-en-2021-356x364.jpg","width":356,"height":364,"mime_type":"image\/jpeg","source_url":"https:\/\/i0.wp.com\/flashmode.tn\/magazine\/wp-content\/uploads\/2021\/08\/Quelle-heure-va-garder-la-France-en-2021.jpg?resize=356%2C364&ssl=1"},"td_533x261":{"file":"Quelle-heure-va-garder-la-France-en-2021-533x261.jpg","width":533,"height":261,"mime_type":"image\/jpeg","source_url":"https:\/\/i0.wp.com\/flashmode.tn\/magazine\/wp-content\/uploads\/2021\/08\/Quelle-heure-va-garder-la-France-en-2021.jpg?resize=533%2C261&ssl=1"},"td_534x462":{"file":"Quelle-heure-va-garder-la-France-en-2021-534x462.jpg","width":534,"height":462,"mime_type":"image\/jpeg","source_url":"https:\/\/i0.wp.com\/flashmode.tn\/magazine\/wp-content\/uploads\/2021\/08\/Quelle-heure-va-garder-la-France-en-2021.jpg?resize=534%2C462&ssl=1"},"td_696x385":{"file":"Quelle-heure-va-garder-la-France-en-2021-696x385.jpg","width":696,"height":385,"mime_type":"image\/jpeg","source_url":"https:\/\/i0.wp.com\/flashmode.tn\/magazine\/wp-content\/uploads\/2021\/08\/Quelle-heure-va-garder-la-France-en-2021.jpg?resize=696%2C385&ssl=1"},"td_741x486":{"file":"Quelle-heure-va-garder-la-France-en-2021-741x486.jpg","width":741,"height":486,"mime_type":"image\/jpeg","source_url":"https:\/\/i0.wp.com\/flashmode.tn\/magazine\/wp-content\/uploads\/2021\/08\/Quelle-heure-va-garder-la-France-en-2021.jpg?resize=741%2C486&ssl=1"},"td_1068x580":{"file":"Quelle-heure-va-garder-la-France-en-2021-1068x580.jpg","width":1068,"height":580,"mime_type":"image\/jpeg","source_url":"https:\/\/i0.wp.com\/flashmode.tn\/magazine\/wp-content\/uploads\/2021\/08\/Quelle-heure-va-garder-la-France-en-2021.jpg?resize=1068%2C580&ssl=1"},"full":{"file":"Quelle-heure-va-garder-la-France-en-2021.jpg?fit=1200%2C800&ssl=1","width":1200,"height":800,"mime_type":"image\/jpeg","source_url":"https:\/\/i0.wp.com\/flashmode.tn\/magazine\/wp-content\/uploads\/2021\/08\/Quelle-heure-va-garder-la-France-en-2021.jpg?fit=1200%2C800&ssl=1"}},"image_meta":{"aperture":"3.2","credit":"Sportsfile \/ Icon Sport","camera":"ILCE-9","caption":"31 October 2020; Cian Healy of Ireland, with the help of team-mate James Ryan, on the way to scoring his side's first try during the Guinness Six Nations Rugby Championship match between France and Ireland at Stade de France in Paris, France. Photo by Sportsfile \n\n\nPhoto by Icon Sport","created_timestamp":"1604183334","copyright":"Sportsfile \/ Icon Sport","focal_length":"400","iso":"3200","shutter_speed":"0.000625","title":"France v Ireland - Guinness Six Nations Rugby Championship","orientation":"1","keywords":["Sport","Action","Essai"]}},"post":null,"source_url":"https:\/\/flashmode.tn\/magazine\/wp-content\/uploads\/2021\/08\/Quelle-heure-va-garder-la-France-en-2021.jpg","_links":{"self":[{"href":"https:\/\/flashmode.tn\/magazine\/wp-json\/wp\/v2\/media\/27460","targetHints":{"allow":["GET"]}}],"collection":[{"href":"https:\/\/flashmode.tn\/magazine\/wp-json\/wp\/v2\/media"}],"about":[{"href":"https:\/\/flashmode.tn\/magazine\/wp-json\/wp\/v2\/types\/attachment"}],"author":[{"embeddable":true,"href":"https:\/\/flashmode.tn\/magazine\/wp-json\/wp\/v2\/users\/2"}],"replies":[{"embeddable":true,"href":"https:\/\/flashmode.tn\/magazine\/wp-json\/wp\/v2\/comments?post=27460"}]}}